{"version":"1.0","provider_name":"Fundaci&oacute;n Natura","provider_url":"https:\/\/naturapanama.org\/en\/","author_name":"Comunicaciones","author_url":"https:\/\/naturapanama.org\/en\/author\/fundacion-natura\/","title":"Panam\u00e1 lanza primera convocatoria de Conserva Aves","type":"rich","width":600,"height":338,"html":"<blockquote class=\"wp-embedded-content\" data-secret=\"Lg4I7ZSdJd\"><a href=\"https:\/\/naturapanama.org\/en\/panama-lanza-primera-convocatoria-de-conserva-aves\/\">Panam\u00e1 lanza primera convocatoria de Conserva Aves<\/a><\/blockquote><iframe sandbox=\"allow-scripts\" security=\"restricted\" src=\"https:\/\/naturapanama.org\/en\/panama-lanza-primera-convocatoria-de-conserva-aves\/embed\/#?secret=Lg4I7ZSdJd\" width=\"600\" height=\"338\" title=\"&#8220;Panam\u00e1 lanza primera convocatoria de Conserva Aves&#8221; &#8212; Fundaci&oacute;n Natura\" data-secret=\"Lg4I7ZSdJd\" frameborder=\"0\" marginwidth=\"0\" marginheight=\"0\" scrolling=\"no\" class=\"wp-embedded-content\"><\/iframe><script>\n\/*! This file is auto-generated *\/\n!function(d,l){\"use strict\";l.querySelector&&d.addEventListener&&\"undefined\"!=typeof URL&&(d.wp=d.wp||{},d.wp.receiveEmbedMessage||(d.wp.receiveEmbedMessage=function(e){var t=e.data;if((t||t.secret||t.message||t.value)&&!\/[^a-zA-Z0-9]\/.test(t.secret)){for(var s,r,n,a=l.querySelectorAll('iframe[data-secret=\"'+t.secret+'\"]'),o=l.querySelectorAll('blockquote[data-secret=\"'+t.secret+'\"]'),c=new RegExp(\"^https?:$\",\"i\"),i=0;i<o.length;i++)o[i].style.display=\"none\";for(i=0;i<a.length;i++)s=a[i],e.source===s.contentWindow&&(s.removeAttribute(\"style\"),\"height\"===t.message?(1e3<(r=parseInt(t.value,10))?r=1e3:~~r<200&&(r=200),s.height=r):\"link\"===t.message&&(r=new URL(s.getAttribute(\"src\")),n=new URL(t.value),c.test(n.protocol))&&n.host===r.host&&l.activeElement===s&&(d.top.location.href=t.value))}},d.addEventListener(\"message\",d.wp.receiveEmbedMessage,!1),l.addEventListener(\"DOMContentLoaded\",function(){for(var e,t,s=l.querySelectorAll(\"iframe.wp-embedded-content\"),r=0;r<s.length;r++)(t=(e=s[r]).getAttribute(\"data-secret\"))||(t=Math.random().toString(36).substring(2,12),e.src+=\"#?secret=\"+t,e.setAttribute(\"data-secret\",t)),e.contentWindow.postMessage({message:\"ready\",secret:t},\"*\")},!1)))}(window,document);\n<\/script>\n","thumbnail_url":"https:\/\/naturapanama.org\/wp-content\/uploads\/2025\/04\/1-scaled.jpg","thumbnail_width":1900,"thumbnail_height":2560,"description":"Ciudad de Panam\u00e1, abril 2025 \u2013 Conserva Aves lanz\u00f3 su primera convocatoria en Panam\u00e1 para financiar proyectos de conservaci\u00f3n de \u00e1reas clave para la biodiversidad en el pa\u00eds, con un enfoque en la protecci\u00f3n de aves amenazadas, end\u00e9micas y migratorias. La fecha l\u00edmite para presentar propuestas es el 9 de mayo de 2025. La iniciativa&hellip;"}